{"id":2113,"date":"2025-04-28T19:05:54","date_gmt":"2025-04-28T19:05:54","guid":{"rendered":"https:\/\/alpen-studio.com\/?page_id=2113"},"modified":"2025-07-05T09:16:41","modified_gmt":"2025-07-05T09:16:41","slug":"ueber-das-alpen-studio","status":"publish","type":"page","link":"https:\/\/alpen-studio.com\/de\/ueber-das-alpen-studio\/","title":{"rendered":"\u00dcber uns"},"content":{"rendered":"<p><div class=\"fusion-fullwidth fullwidth-box fusion-builder-row-1 fusion-flex-container has-pattern-background has-mask-background nonhundred-percent-fullwidth non-hundred-percent-height-scrolling\" style=\"--awb-border-radius-top-left:0px;--awb-border-radius-top-right:0px;--awb-border-radius-bottom-right:0px;--awb-border-radius-bottom-left:0px;--awb-padding-top:20px;--awb-padding-bottom:0px;--awb-flex-wrap:wrap;\" ><div class=\"fusion-builder-row fusion-row fusion-flex-align-items-flex-start fusion-flex-content-wrap\" style=\"max-width:1040px;margin-left: calc(-4% \/ 2 );margin-right: calc(-4% \/ 2 );\"><div class=\"fusion-layout-column fusion_builder_column fusion-builder-column-0 fusion_builder_column_1_2 1_2 fusion-flex-column\" style=\"--awb-bg-size:cover;--awb-width-large:50%;--awb-margin-top-large:0px;--awb-spacing-right-large:3.84%;--awb-margin-bottom-large:20px;--awb-spacing-left-large:3.84%;--awb-width-medium:50%;--awb-order-medium:0;--awb-spacing-right-medium:3.84%;--awb-spacing-left-medium:3.84%;--awb-width-small:100%;--awb-order-small:0;--awb-spacing-right-small:1.92%;--awb-spacing-left-small:1.92%;\"><div class=\"fusion-column-wrapper fusion-column-has-shadow fusion-flex-justify-content-flex-start fusion-content-layout-column\"><div class=\"fusion-image-element \" style=\"--awb-aspect-ratio: 100 \/ 116;--awb-object-position:25% 50%;--awb-caption-title-font-family:var(--h2_typography-font-family);--awb-caption-title-font-weight:var(--h2_typography-font-weight);--awb-caption-title-font-style:var(--h2_typography-font-style);--awb-caption-title-size:var(--h2_typography-font-size);--awb-caption-title-transform:var(--h2_typography-text-transform);--awb-caption-title-line-height:var(--h2_typography-line-height);--awb-caption-title-letter-spacing:var(--h2_typography-letter-spacing);\"><span class=\" fusion-imageframe imageframe-none imageframe-1 hover-type-none has-aspect-ratio\"><img decoding=\"async\" width=\"2048\" height=\"1536\" title=\"attachment (12)\" src=\"https:\/\/alpen-studio.com\/wp-content\/uploads\/2024\/10\/attachment-12.jpeg\" class=\"img-responsive wp-image-107 img-with-aspect-ratio\" data-parent-fit=\"cover\" data-parent-container=\".fusion-image-element\" alt srcset=\"https:\/\/alpen-studio.com\/wp-content\/uploads\/2024\/10\/attachment-12-200x150.jpeg 200w, https:\/\/alpen-studio.com\/wp-content\/uploads\/2024\/10\/attachment-12-400x300.jpeg 400w, https:\/\/alpen-studio.com\/wp-content\/uploads\/2024\/10\/attachment-12-600x450.jpeg 600w, https:\/\/alpen-studio.com\/wp-content\/uploads\/2024\/10\/attachment-12-800x600.jpeg 800w, https:\/\/alpen-studio.com\/wp-content\/uploads\/2024\/10\/attachment-12-1200x900.jpeg 1200w, https:\/\/alpen-studio.com\/wp-content\/uploads\/2024\/10\/attachment-12.jpeg 2048w\" sizes=\"(max-width: 640px) 100vw, 600px\" \/><\/span><\/div><\/div><\/div><div class=\"fusion-layout-column fusion_builder_column fusion-builder-column-1 fusion_builder_column_1_2 1_2 fusion-flex-column\" style=\"--awb-bg-size:cover;--awb-width-large:50%;--awb-margin-top-large:0px;--awb-spacing-right-large:3.84%;--awb-margin-bottom-large:20px;--awb-spacing-left-large:3.84%;--awb-width-medium:50%;--awb-order-medium:0;--awb-spacing-right-medium:3.84%;--awb-spacing-left-medium:3.84%;--awb-width-small:100%;--awb-order-small:0;--awb-spacing-right-small:1.92%;--awb-spacing-left-small:1.92%;\"><div class=\"fusion-column-wrapper fusion-column-has-shadow fusion-flex-justify-content-flex-start fusion-content-layout-column\"><div class=\"fusion-title title fusion-title-1 fusion-sep-none fusion-title-text fusion-title-size-three\" style=\"--awb-margin-bottom:-.5rem;--awb-margin-top-small:10px;--awb-margin-right-small:0px;--awb-margin-bottom-small:0px;--awb-margin-left-small:0px;\"><h3 class=\"fusion-title-heading title-heading-left\" style=\"margin:0;\">Ihr Traumurlaub in der Region Wilder Kaiser<\/h3><\/div><div class=\"fusion-title title fusion-title-2 fusion-sep-none fusion-title-text fusion-title-size-two\" style=\"--awb-margin-top-small:0px;--awb-margin-right-small:0px;--awb-margin-bottom-small:10px;--awb-margin-left-small:0px;\"><h2 class=\"fusion-title-heading title-heading-left\" style=\"margin:0;\">\u00dcber das Alpen Studio<\/h2><\/div><div class=\"fusion-text fusion-text-1\"><p class=\"\" data-start=\"150\" data-end=\"463\">Unsere Reise zur Vermietung von Ferienwohnungen in Ellmau begann aus einer tiefen Liebe zu den Alpen \u2013 und besonders zu Ellmau. \u00dcber das Alpen Studio m\u00f6chten wir diese Begeisterung mit anderen teilen. Deshalb schaffen wir authentische und komfortable Unterk\u00fcnfte, die den Zauber dieser Region erlebbar machen.<\/p>\n<p class=\"\" data-start=\"465\" data-end=\"827\">Da wir selbst so oft wie m\u00f6glich in Ellmau sind, war es f\u00fcr uns nur logisch, auch anderen diese besondere Umgebung n\u00e4herzubringen. Im Jahr 2022 haben wir daher unsere erste Wohnung in ein gem\u00fctliches Urlaubsdomizil verwandelt. Unser Ziel: auch auf kleinem Raum ein gut durchdachtes, komplett ausgestattetes Zuhause auf Zeit zu bieten. So entstand Alpen Studio I.<\/p>\n<p class=\"\" data-start=\"829\" data-end=\"990\">Seitdem hat sich vieles weiterentwickelt. Heute umfasst das Alpen Studio mehrere sorgf\u00e4ltig ausgew\u00e4hlte Wohnungen \u2013 jede mit eigenem Stil und pers\u00f6nlicher Note.<\/p>\n<p class=\"\" data-start=\"992\" data-end=\"1168\">Ob im Winter zum Skifahren oder im Sommer zum Wandern: Bei Alpen Studio Ellmau finden Sie die passende Unterkunft. So wird Ihr Aufenthalt in den Alpen garantiert unvergesslich.<\/p>\n<\/div><\/div><\/div><\/div><\/div><div class=\"fusion-fullwidth fullwidth-box fusion-builder-row-2 fusion-flex-container has-pattern-background has-mask-background nonhundred-percent-fullwidth non-hundred-percent-height-scrolling\" style=\"--awb-border-radius-top-left:0px;--awb-border-radius-top-right:0px;--awb-border-radius-bottom-right:0px;--awb-border-radius-bottom-left:0px;--awb-padding-top:20px;--awb-padding-bottom:0px;--awb-margin-bottom:0px;--awb-background-color:var(--awb-color6);--awb-flex-wrap:wrap;\" ><div class=\"fusion-builder-row fusion-row fusion-flex-align-items-flex-start fusion-flex-content-wrap\" style=\"max-width:1040px;margin-left: calc(-4% \/ 2 );margin-right: calc(-4% \/ 2 );\"><div class=\"fusion-layout-column fusion_builder_column fusion-builder-column-2 fusion_builder_column_1_2 1_2 fusion-flex-column\" style=\"--awb-bg-size:cover;--awb-width-large:50%;--awb-margin-top-large:0px;--awb-spacing-right-large:3.84%;--awb-margin-bottom-large:20px;--awb-spacing-left-large:3.84%;--awb-width-medium:50%;--awb-order-medium:0;--awb-spacing-right-medium:3.84%;--awb-spacing-left-medium:3.84%;--awb-width-small:100%;--awb-order-small:0;--awb-spacing-right-small:1.92%;--awb-spacing-left-small:1.92%;\"><div class=\"fusion-column-wrapper fusion-column-has-shadow fusion-flex-justify-content-flex-start fusion-content-layout-column\"><div class=\"fusion-title title fusion-title-3 fusion-sep-none fusion-title-text fusion-title-size-three\" style=\"--awb-margin-bottom:-.5rem;--awb-margin-top-small:10px;--awb-margin-right-small:0px;--awb-margin-bottom-small:0px;--awb-margin-left-small:0px;\"><h3 class=\"fusion-title-heading title-heading-left\" style=\"margin:0;\">Sag mir warum!<\/h3><\/div><div class=\"fusion-title title fusion-title-4 fusion-sep-none fusion-title-text fusion-title-size-two\" style=\"--awb-text-color:var(--awb-color1);--awb-margin-top-small:0px;--awb-margin-right-small:0px;--awb-margin-bottom-small:10px;--awb-margin-left-small:0px;\"><h2 class=\"fusion-title-heading title-heading-left\" style=\"margin:0;\">Waarom Alpen Studio Ellmau?<\/h2><\/div><div class=\"fusion-text fusion-text-2\" style=\"--awb-text-color:var(--awb-color1);\"><p>Zentrale Lage in Ellmau: Im malerischen Ortskern von Ellmau gelegen oder Ski in &#8211; Ski out im Skigebiet SkiWelt Wilder Kaiser und Wanderwege im Sommer.<\/p>\n<p>Komfortable Wohnungen<br \/>\nUnsere Wohnungen sind sorgf\u00e4ltig eingerichtet, um Ihnen maximalen Komfort zu bieten. Von modernen K\u00fcchen bis hin zu luxuri\u00f6sen Badezimmern ist alles f\u00fcr einen unbeschwerten Aufenthalt vorhanden.<\/p>\n<p>Bewertungen:<\/p>\n<p>Alpen Studio Ellmau I: Bewertet mit 9.0 auf Booking.com. G\u00e4ste loben die gem\u00fctliche Atmosph\u00e4re, die hervorragende Lage und die N\u00e4he zu den Skipisten.<\/p>\n<p>Alpen Studio Ellmau II: Bewertet mit 8,5 auf Booking.com. Die G\u00e4ste sch\u00e4tzen die k\u00fcrzlich erfolgte Renovierung, die moderne Ausstattung und die ruhige Umgebung.<\/p>\n<p>Alpen Studio Ellmau III: Bewertet mit einer 9.5 auf Booking.com. G\u00e4ste heben die sonnige Lage, die N\u00e4he zu Gesch\u00e4ften und Restaurants sowie die komfortable Ausstattung hervor.<\/p>\n<\/div><\/div><\/div><div class=\"fusion-layout-column fusion_builder_column fusion-builder-column-3 fusion_builder_column_1_2 1_2 fusion-flex-column\" style=\"--awb-bg-size:cover;--awb-width-large:50%;--awb-margin-top-large:0px;--awb-spacing-right-large:3.84%;--awb-margin-bottom-large:20px;--awb-spacing-left-large:3.84%;--awb-width-medium:50%;--awb-order-medium:0;--awb-spacing-right-medium:3.84%;--awb-spacing-left-medium:3.84%;--awb-width-small:100%;--awb-order-small:0;--awb-spacing-right-small:1.92%;--awb-spacing-left-small:1.92%;\"><div class=\"fusion-column-wrapper fusion-column-has-shadow fusion-flex-justify-content-flex-start fusion-content-layout-column\"><div class=\"fusion-image-element \" style=\"--awb-aspect-ratio: 100 \/ 134;--awb-object-position:32% 41%;--awb-caption-title-font-family:var(--h2_typography-font-family);--awb-caption-title-font-weight:var(--h2_typography-font-weight);--awb-caption-title-font-style:var(--h2_typography-font-style);--awb-caption-title-size:var(--h2_typography-font-size);--awb-caption-title-transform:var(--h2_typography-text-transform);--awb-caption-title-line-height:var(--h2_typography-line-height);--awb-caption-title-letter-spacing:var(--h2_typography-letter-spacing);\"><span class=\" fusion-imageframe imageframe-none imageframe-2 hover-type-none has-aspect-ratio\"><img decoding=\"async\" width=\"2560\" height=\"1920\" title=\"IMG_3763\" src=\"https:\/\/alpen-studio.com\/wp-content\/uploads\/2025\/01\/IMG_3763-scaled-e1738353279252.jpeg\" class=\"img-responsive wp-image-1572 img-with-aspect-ratio\" data-parent-fit=\"cover\" data-parent-container=\".fusion-image-element\" alt srcset=\"https:\/\/alpen-studio.com\/wp-content\/uploads\/2025\/01\/IMG_3763-scaled-e1738353279252-200x150.jpeg 200w, https:\/\/alpen-studio.com\/wp-content\/uploads\/2025\/01\/IMG_3763-scaled-e1738353279252-400x300.jpeg 400w, https:\/\/alpen-studio.com\/wp-content\/uploads\/2025\/01\/IMG_3763-scaled-e1738353279252-600x450.jpeg 600w, https:\/\/alpen-studio.com\/wp-content\/uploads\/2025\/01\/IMG_3763-scaled-e1738353279252-800x600.jpeg 800w, https:\/\/alpen-studio.com\/wp-content\/uploads\/2025\/01\/IMG_3763-scaled-e1738353279252-1200x900.jpeg 1200w, https:\/\/alpen-studio.com\/wp-content\/uploads\/2025\/01\/IMG_3763-scaled-e1738353279252.jpeg 2560w\" sizes=\"(max-width: 640px) 100vw, 600px\" \/><\/span><\/div><\/div><\/div><\/div><\/div><div class=\"fusion-fullwidth fullwidth-box fusion-builder-row-3 fusion-flex-container has-pattern-background has-mask-background nonhundred-percent-fullwidth non-hundred-percent-height-scrolling\" style=\"--awb-border-radius-top-left:0px;--awb-border-radius-top-right:0px;--awb-border-radius-bottom-right:0px;--awb-border-radius-bottom-left:0px;--awb-padding-top:0px;--awb-padding-bottom:0px;--awb-margin-top:20px;--awb-margin-bottom:0px;--awb-flex-wrap:wrap;\" ><div class=\"fusion-builder-row fusion-row fusion-flex-align-items-flex-start fusion-flex-content-wrap\" style=\"max-width:1040px;margin-left: calc(-4% \/ 2 );margin-right: calc(-4% \/ 2 );\"><div class=\"fusion-layout-column fusion_builder_column fusion-builder-column-4 fusion_builder_column_1_2 1_2 fusion-flex-column\" style=\"--awb-bg-size:cover;--awb-width-large:50%;--awb-margin-top-large:0px;--awb-spacing-right-large:3.84%;--awb-margin-bottom-large:20px;--awb-spacing-left-large:3.84%;--awb-width-medium:50%;--awb-order-medium:0;--awb-spacing-right-medium:3.84%;--awb-spacing-left-medium:3.84%;--awb-width-small:100%;--awb-order-small:0;--awb-spacing-right-small:1.92%;--awb-spacing-left-small:1.92%;\"><div class=\"fusion-column-wrapper fusion-column-has-shadow fusion-flex-justify-content-flex-start fusion-content-layout-column\"><div class=\"fusion-image-element \" style=\"--awb-aspect-ratio: 100 \/ 130;--awb-caption-title-font-family:var(--h2_typography-font-family);--awb-caption-title-font-weight:var(--h2_typography-font-weight);--awb-caption-title-font-style:var(--h2_typography-font-style);--awb-caption-title-size:var(--h2_typography-font-size);--awb-caption-title-transform:var(--h2_typography-text-transform);--awb-caption-title-line-height:var(--h2_typography-line-height);--awb-caption-title-letter-spacing:var(--h2_typography-letter-spacing);\"><span class=\" fusion-imageframe imageframe-none imageframe-3 hover-type-none has-aspect-ratio\"><img decoding=\"async\" width=\"2000\" height=\"1500\" title=\"image00008\" src=\"https:\/\/alpen-studio.com\/wp-content\/uploads\/2025\/01\/image00008.jpeg\" class=\"img-responsive wp-image-1046 img-with-aspect-ratio\" data-parent-fit=\"cover\" data-parent-container=\".fusion-image-element\" alt srcset=\"https:\/\/alpen-studio.com\/wp-content\/uploads\/2025\/01\/image00008-200x150.jpeg 200w, https:\/\/alpen-studio.com\/wp-content\/uploads\/2025\/01\/image00008-400x300.jpeg 400w, https:\/\/alpen-studio.com\/wp-content\/uploads\/2025\/01\/image00008-600x450.jpeg 600w, https:\/\/alpen-studio.com\/wp-content\/uploads\/2025\/01\/image00008-800x600.jpeg 800w, https:\/\/alpen-studio.com\/wp-content\/uploads\/2025\/01\/image00008-1200x900.jpeg 1200w, https:\/\/alpen-studio.com\/wp-content\/uploads\/2025\/01\/image00008.jpeg 2000w\" sizes=\"(max-width: 640px) 100vw, 600px\" \/><\/span><\/div><\/div><\/div><div class=\"fusion-layout-column fusion_builder_column fusion-builder-column-5 fusion_builder_column_1_2 1_2 fusion-flex-column\" style=\"--awb-bg-size:cover;--awb-width-large:50%;--awb-margin-top-large:0px;--awb-spacing-right-large:3.84%;--awb-margin-bottom-large:20px;--awb-spacing-left-large:3.84%;--awb-width-medium:50%;--awb-order-medium:0;--awb-spacing-right-medium:3.84%;--awb-spacing-left-medium:3.84%;--awb-width-small:100%;--awb-order-small:0;--awb-spacing-right-small:1.92%;--awb-spacing-left-small:1.92%;\"><div class=\"fusion-column-wrapper fusion-column-has-shadow fusion-flex-justify-content-flex-start fusion-content-layout-column\"><div class=\"fusion-title title fusion-title-5 fusion-sep-none fusion-title-text fusion-title-size-three\" style=\"--awb-margin-bottom:-.5rem;--awb-margin-top-small:10px;--awb-margin-right-small:0px;--awb-margin-bottom-small:0px;--awb-margin-left-small:0px;\"><h3 class=\"fusion-title-heading title-heading-left\" style=\"margin:0;\">Unsere Philosophie<\/h3><\/div><div class=\"fusion-title title fusion-title-6 fusion-sep-none fusion-title-text fusion-title-size-two\" style=\"--awb-margin-top-small:0px;--awb-margin-right-small:0px;--awb-margin-bottom-small:10px;--awb-margin-left-small:0px;\"><h2 class=\"fusion-title-heading title-heading-left\" style=\"margin:0;\">Den G\u00e4sten das Beste von Ellmau bieten<\/h2><\/div><div class=\"fusion-text fusion-text-3\"><p class=\"\" data-start=\"113\" data-end=\"564\">Das Alpen Studio wurde aus der Leidenschaft geboren, die Region Ellmau und alles, was der Wilde Kaiser zu bieten hat, mit anderen zu teilen. Was einst als pers\u00f6nlicher Traum begann, hat sich zu einer Mission entwickelt, unseren G\u00e4sten das Beste dieser atemberaubenden Destination zu bieten. Wir glauben an die Kraft der pers\u00f6nlichen Note und der Gastfreundschaft, deshalb sorgen wir daf\u00fcr, dass sich jeder Gast in unseren Wohnungen wie zu Hause f\u00fchlt.<\/p>\n<p class=\"\" data-start=\"566\" data-end=\"765\">\u00dcber das Alpen Studio: Unser Ziel ist es, authentische Erlebnisse zu schaffen, bei denen Komfort, Natur und herzliche Betreuung im Mittelpunkt stehen \u2013 f\u00fcr einen Urlaub, der in Erinnerung bleibt.<\/p>\n<p class=\"\" data-start=\"767\" data-end=\"1326\">Unsere Wohnungen sind so konzipiert, dass sie eine komfortable und gem\u00fctliche Atmosph\u00e4re schaffen und alles bieten, was Sie f\u00fcr einen erholsamen Aufenthalt ben\u00f6tigen. Egal, ob Sie einen aktiven Urlaub in den Bergen verbringen oder einfach nur die Ruhe genie\u00dfen wollen, das Alpen Studio ist der perfekte Ausgangspunkt, um das Beste von Ellmau und der umliegenden Region zu entdecken. Mit kostenlosem Wi-Fi, voll ausgestatteten K\u00fcchen und einem atemberaubenden Blick von Ihrem Balkon sorgen wir daf\u00fcr, dass Ihr Aufenthalt sowohl praktisch als auch angenehm ist.<\/p>\n<\/div><\/div><\/div><\/div><\/div><div class=\"fusion-fullwidth fullwidth-box fusion-builder-row-4 fusion-flex-container has-pattern-background has-mask-background nonhundred-percent-fullwidth non-hundred-percent-height-scrolling\" style=\"--awb-border-radius-top-left:0px;--awb-border-radius-top-right:0px;--awb-border-radius-bottom-right:0px;--awb-border-radius-bottom-left:0px;--awb-padding-top:20px;--awb-padding-bottom:0px;--awb-margin-bottom:0px;--awb-background-color:var(--awb-color6);--awb-flex-wrap:wrap;\" ><div class=\"fusion-builder-row fusion-row fusion-flex-align-items-flex-start fusion-flex-content-wrap\" style=\"max-width:1040px;margin-left: calc(-4% \/ 2 );margin-right: calc(-4% \/ 2 );\"><div class=\"fusion-layout-column fusion_builder_column fusion-builder-column-6 fusion_builder_column_1_2 1_2 fusion-flex-column\" style=\"--awb-bg-size:cover;--awb-width-large:50%;--awb-margin-top-large:0px;--awb-spacing-right-large:3.84%;--awb-margin-bottom-large:20px;--awb-spacing-left-large:3.84%;--awb-width-medium:50%;--awb-order-medium:0;--awb-spacing-right-medium:3.84%;--awb-spacing-left-medium:3.84%;--awb-width-small:100%;--awb-order-small:0;--awb-spacing-right-small:1.92%;--awb-spacing-left-small:1.92%;\"><div class=\"fusion-column-wrapper fusion-column-has-shadow fusion-flex-justify-content-flex-start fusion-content-layout-column\"><div class=\"fusion-title title fusion-title-7 fusion-sep-none fusion-title-text fusion-title-size-three\" style=\"--awb-margin-bottom:-.5rem;--awb-margin-top-small:10px;--awb-margin-right-small:0px;--awb-margin-bottom-small:0px;--awb-margin-left-small:0px;\"><h3 class=\"fusion-title-heading title-heading-left\" style=\"margin:0;\">Alpen Studio IV und mehr&#8230;?<\/h3><\/div><div class=\"fusion-title title fusion-title-8 fusion-sep-none fusion-title-text fusion-title-size-two\" style=\"--awb-text-color:var(--awb-color1);--awb-margin-top-small:0px;--awb-margin-right-small:0px;--awb-margin-bottom-small:10px;--awb-margin-left-small:0px;\"><h2 class=\"fusion-title-heading title-heading-left\" style=\"margin:0;\">Unsere Zukunftspl\u00e4ne<\/h2><\/div><div class=\"fusion-text fusion-text-4\" style=\"--awb-text-color:var(--awb-color1);\"><p class=\"\" data-start=\"170\" data-end=\"448\">Wir expandieren stetig und entwickeln uns weiter. So m\u00f6chten wir noch mehr M\u00f6glichkeiten f\u00fcr einen nachhaltigen und komfortablen Urlaub schaffen. Gleichzeitig arbeiten wir kontinuierlich daran, unseren Service zu verbessern. Auch das G\u00e4steerlebnis steht bei uns im Mittelpunkt.<\/p>\n<p class=\"\" data-start=\"450\" data-end=\"668\">Ganz gleich, ob Sie zum ersten Mal bei uns sind oder schon \u00f6fter zu Gast waren \u2013 Sie k\u00f6nnen sich immer auf unsere pers\u00f6nliche Betreuung verlassen. Au\u00dferdem garantieren wir einen hohen Standard in all unseren Wohnungen.<\/p>\n<p class=\"\" data-start=\"670\" data-end=\"712\">Ihr Urlaub in der Region Wilder Kaiser<\/p>\n<p class=\"\" data-start=\"714\" data-end=\"1106\">Ob Sie im Winter in der SkiWelt Wilder Kaiser-Brixental Ski fahren, im Sommer wandern oder einfach nur die Natur genie\u00dfen m\u00f6chten \u2013 das Alpen Studio Ellmau ist der ideale Ausgangspunkt. Unsere Wohnungen sind sorgf\u00e4ltig ausgew\u00e4hlt und verbinden Komfort mit Charme. Dank pers\u00f6nlichem Kontakt und hochwertiger Ausstattung wird Ihr Urlaub in der Region Wilder Kaiser zu einem besonderen Erlebnis.<\/p>\n<p>Liebe Gr\u00fc\u00dfe,<\/p>\n<p style=\"color: var(--awb-color5); font-family: Handlee; font-weight: 400; font-size: 44px; letter-spacing: 2px; line-height: 24.6px;\" data-fusion-font=\"true\" data-fusion-google-font=\"Handlee\" data-fusion-google-variant=\"400\">Familie de Ruiter &amp; Kwakman<\/p>\n<\/div><\/div><\/div><div class=\"fusion-layout-column fusion_builder_column fusion-builder-column-7 fusion_builder_column_1_2 1_2 fusion-flex-column\" style=\"--awb-bg-size:cover;--awb-width-large:50%;--awb-margin-top-large:0px;--awb-spacing-right-large:3.84%;--awb-margin-bottom-large:20px;--awb-spacing-left-large:3.84%;--awb-width-medium:50%;--awb-order-medium:0;--awb-spacing-right-medium:3.84%;--awb-spacing-left-medium:3.84%;--awb-width-small:100%;--awb-order-small:0;--awb-spacing-right-small:1.92%;--awb-spacing-left-small:1.92%;\"><div class=\"fusion-column-wrapper fusion-column-has-shadow fusion-flex-justify-content-flex-start fusion-content-layout-column\"><div class=\"fusion-image-element \" style=\"--awb-aspect-ratio: 100 \/ 136;--awb-object-position:52% 56%;--awb-caption-title-font-family:var(--h2_typography-font-family);--awb-caption-title-font-weight:var(--h2_typography-font-weight);--awb-caption-title-font-style:var(--h2_typography-font-style);--awb-caption-title-size:var(--h2_typography-font-size);--awb-caption-title-transform:var(--h2_typography-text-transform);--awb-caption-title-line-height:var(--h2_typography-line-height);--awb-caption-title-letter-spacing:var(--h2_typography-letter-spacing);\"><span class=\" fusion-imageframe imageframe-none imageframe-4 hover-type-none has-aspect-ratio\"><img decoding=\"async\" width=\"1920\" height=\"2560\" title=\"IMG_1492\" src=\"https:\/\/alpen-studio.com\/wp-content\/uploads\/2025\/01\/IMG_1492-scaled-e1738355834424.jpeg\" class=\"img-responsive wp-image-475 img-with-aspect-ratio\" data-parent-fit=\"cover\" data-parent-container=\".fusion-image-element\" alt srcset=\"https:\/\/alpen-studio.com\/wp-content\/uploads\/2025\/01\/IMG_1492-scaled-e1738355834424-200x267.jpeg 200w, https:\/\/alpen-studio.com\/wp-content\/uploads\/2025\/01\/IMG_1492-scaled-e1738355834424-400x533.jpeg 400w, https:\/\/alpen-studio.com\/wp-content\/uploads\/2025\/01\/IMG_1492-scaled-e1738355834424-600x800.jpeg 600w, https:\/\/alpen-studio.com\/wp-content\/uploads\/2025\/01\/IMG_1492-scaled-e1738355834424-800x1067.jpeg 800w, https:\/\/alpen-studio.com\/wp-content\/uploads\/2025\/01\/IMG_1492-scaled-e1738355834424-1200x1600.jpeg 1200w, https:\/\/alpen-studio.com\/wp-content\/uploads\/2025\/01\/IMG_1492-scaled-e1738355834424.jpeg 1920w\" sizes=\"(max-width: 640px) 100vw, 600px\" \/><\/span><\/div><\/div><\/div><\/div><\/div><div class=\"fusion-fullwidth fullwidth-box fusion-builder-row-5 fusion-flex-container has-pattern-background has-mask-background nonhundred-percent-fullwidth non-hundred-percent-height-scrolling\" style=\"--awb-border-radius-top-left:0px;--awb-border-radius-top-right:0px;--awb-border-radius-bottom-right:0px;--awb-border-radius-bottom-left:0px;--awb-padding-top:0px;--awb-padding-bottom:10px;--awb-margin-top:20px;--awb-flex-wrap:wrap;\" ><div class=\"fusion-builder-row fusion-row fusion-flex-align-items-flex-start fusion-flex-content-wrap\" style=\"max-width:1040px;margin-left: calc(-4% \/ 2 );margin-right: calc(-4% \/ 2 );\"><div class=\"fusion-layout-column fusion_builder_column fusion-builder-column-8 fusion_builder_column_1_2 1_2 fusion-flex-column\" style=\"--awb-bg-size:cover;--awb-width-large:50%;--awb-margin-top-large:0px;--awb-spacing-right-large:3.84%;--awb-margin-bottom-large:20px;--awb-spacing-left-large:3.84%;--awb-width-medium:50%;--awb-order-medium:0;--awb-spacing-right-medium:3.84%;--awb-spacing-left-medium:3.84%;--awb-width-small:100%;--awb-order-small:0;--awb-spacing-right-small:1.92%;--awb-spacing-left-small:1.92%;\"><div class=\"fusion-column-wrapper fusion-column-has-shadow fusion-flex-justify-content-flex-start fusion-content-layout-column\"><div class=\"fusion-image-element \" style=\"--awb-aspect-ratio: 100 \/ 99;--awb-caption-title-font-family:var(--h2_typography-font-family);--awb-caption-title-font-weight:var(--h2_typography-font-weight);--awb-caption-title-font-style:var(--h2_typography-font-style);--awb-caption-title-size:var(--h2_typography-font-size);--awb-caption-title-transform:var(--h2_typography-text-transform);--awb-caption-title-line-height:var(--h2_typography-line-height);--awb-caption-title-letter-spacing:var(--h2_typography-letter-spacing);\"><span class=\" fusion-imageframe imageframe-none imageframe-5 hover-type-none has-aspect-ratio\"><img decoding=\"async\" width=\"1920\" height=\"1091\" title=\"hd-Sommer-Panorama-Wilder-Kaiser-Astbergsee-Sebastian-Hasenauer\u00a9tvbwilderkaiser\" src=\"https:\/\/alpen-studio.com\/wp-content\/uploads\/2025\/01\/hd-Sommer-Panorama-Wilder-Kaiser-Astbergsee-Sebastian-Hasenauer\u00a9tvbwilderkaiser.jpg\" class=\"img-responsive wp-image-1085 img-with-aspect-ratio\" data-parent-fit=\"cover\" data-parent-container=\".fusion-image-element\" alt srcset=\"https:\/\/alpen-studio.com\/wp-content\/uploads\/2025\/01\/hd-Sommer-Panorama-Wilder-Kaiser-Astbergsee-Sebastian-Hasenauer\u00a9tvbwilderkaiser-200x114.jpg 200w, https:\/\/alpen-studio.com\/wp-content\/uploads\/2025\/01\/hd-Sommer-Panorama-Wilder-Kaiser-Astbergsee-Sebastian-Hasenauer\u00a9tvbwilderkaiser-400x227.jpg 400w, https:\/\/alpen-studio.com\/wp-content\/uploads\/2025\/01\/hd-Sommer-Panorama-Wilder-Kaiser-Astbergsee-Sebastian-Hasenauer\u00a9tvbwilderkaiser-600x341.jpg 600w, https:\/\/alpen-studio.com\/wp-content\/uploads\/2025\/01\/hd-Sommer-Panorama-Wilder-Kaiser-Astbergsee-Sebastian-Hasenauer\u00a9tvbwilderkaiser-800x455.jpg 800w, https:\/\/alpen-studio.com\/wp-content\/uploads\/2025\/01\/hd-Sommer-Panorama-Wilder-Kaiser-Astbergsee-Sebastian-Hasenauer\u00a9tvbwilderkaiser-1200x682.jpg 1200w, https:\/\/alpen-studio.com\/wp-content\/uploads\/2025\/01\/hd-Sommer-Panorama-Wilder-Kaiser-Astbergsee-Sebastian-Hasenauer\u00a9tvbwilderkaiser.jpg 1920w\" sizes=\"(max-width: 640px) 100vw, 600px\" \/><\/span><\/div><\/div><\/div><div class=\"fusion-layout-column fusion_builder_column fusion-builder-column-9 fusion_builder_column_1_2 1_2 fusion-flex-column\" style=\"--awb-bg-size:cover;--awb-width-large:50%;--awb-margin-top-large:0px;--awb-spacing-right-large:3.84%;--awb-margin-bottom-large:20px;--awb-spacing-left-large:3.84%;--awb-width-medium:50%;--awb-order-medium:0;--awb-spacing-right-medium:3.84%;--awb-spacing-left-medium:3.84%;--awb-width-small:100%;--awb-order-small:0;--awb-spacing-right-small:1.92%;--awb-spacing-left-small:1.92%;\"><div class=\"fusion-column-wrapper fusion-column-has-shadow fusion-flex-justify-content-flex-start fusion-content-layout-column\"><div class=\"fusion-title title fusion-title-9 fusion-sep-none fusion-title-text fusion-title-size-three\" style=\"--awb-margin-bottom:-.5rem;--awb-margin-top-small:10px;--awb-margin-right-small:0px;--awb-margin-bottom-small:0px;--awb-margin-left-small:0px;\"><h3 class=\"fusion-title-heading title-heading-left\" style=\"margin:0;\">Fragen Sie einfach<\/h3><\/div><div class=\"fusion-title title fusion-title-10 fusion-sep-none fusion-title-text fusion-title-size-two\" style=\"--awb-margin-top-small:0px;--awb-margin-right-small:0px;--awb-margin-bottom-small:10px;--awb-margin-left-small:0px;\"><h2 class=\"fusion-title-heading title-heading-left\" style=\"margin:0;\">Wanderungen\/Radfahren\/H\u00e4ppchen und mehr!<\/h2><\/div><div class=\"fusion-text fusion-text-5\"><p>Wir hoffen, dass unsere Tipps Ihnen helfen, das Beste aus Ihrem Aufenthalt zu machen!<\/p>\n<p>Wenn Sie weitere Empfehlungen oder Fragen haben, k\u00f6nnen Sie sich gerne an uns wenden, oder besuchen Sie <a href=\"https:\/\/www.wilderkaiser.info\/de\/aktivitaeten\/aktivitaeten-am-wilden-kaiser.html\" target=\"_blank\" rel=\"noopener noreferrer\">Wilder Kaiser<\/a> f\u00fcr weitere Informationen.<\/p>\n<p>Wir sind immer f\u00fcr Sie da. Wir geben Ihnen gerne pers\u00f6nliche Tipps und verraten Ihnen lokale Geheimnisse. So k\u00f6nnen Sie unsere sch\u00f6ne Umgebung in vollen Z\u00fcgen genie\u00dfen.<\/p>\n<p>Wir freuen uns, von Ihnen zu h\u00f6ren!<\/p>\n<\/div><div ><a class=\"fusion-button button-flat fusion-button-default-size button-default fusion-button-default button-1 fusion-button-default-span fusion-button-default-type\" target=\"_self\" href=\"https:\/\/alpen-studio.com\/de\/kontakt-alpen-studio-ellmau\/\"><span class=\"fusion-button-text awb-button__text awb-button__text--default\">Contact ons<\/span><\/a><\/div><\/div><\/div><\/div><\/div><\/p>\n","protected":false},"excerpt":{"rendered":"","protected":false},"author":2,"featured_media":508,"parent":0,"menu_order":0,"comment_status":"closed","ping_status":"closed","template":"100-width.php","meta":{"_acf_changed":false,"footnotes":""},"class_list":["post-2113","page","type-page","status-publish","has-post-thumbnail","hentry"],"acf":[],"yoast_head":"<!-- This site is optimized with the Yoast SEO plugin v27.1.1 - https:\/\/yoast.com\/product\/yoast-seo-wordpress\/ -->\n<title>\u00dcber das Alpen Studio | Wof\u00fcr wir stehen<\/title>\n<meta name=\"description\" content=\"\u00dcber das Alpen Studio : Wer sind wir? Das Alpen Studio bietet komfortable Ferienwohnungen im Herzen der Region Wilder Kaiser.\" \/>\n<meta name=\"robots\" content=\"index, follow, max-snippet:-1, max-image-preview:large, max-video-preview:-1\" \/>\n<link rel=\"canonical\" href=\"https:\/\/alpen-studio.com\/de\/ueber-das-alpen-studio\/\" \/>\n<meta property=\"og:locale\" content=\"de_DE\" \/>\n<meta property=\"og:type\" content=\"article\" \/>\n<meta property=\"og:title\" content=\"\u00dcber das Alpen Studio | Wof\u00fcr wir stehen\" \/>\n<meta property=\"og:description\" content=\"\u00dcber das Alpen Studio : Wer sind wir? Das Alpen Studio bietet komfortable Ferienwohnungen im Herzen der Region Wilder Kaiser.\" \/>\n<meta property=\"og:url\" content=\"https:\/\/alpen-studio.com\/de\/ueber-das-alpen-studio\/\" \/>\n<meta property=\"og:site_name\" content=\"Alpen studio\" \/>\n<meta property=\"article:modified_time\" content=\"2025-07-05T09:16:41+00:00\" \/>\n<meta property=\"og:image\" content=\"https:\/\/alpen-studio.com\/wp-content\/uploads\/2025\/01\/IMG_3770-scaled-e1745239952553.jpeg\" \/>\n\t<meta property=\"og:image:width\" content=\"2560\" \/>\n\t<meta property=\"og:image:height\" content=\"1920\" \/>\n\t<meta property=\"og:image:type\" content=\"image\/jpeg\" \/>\n<meta name=\"twitter:card\" content=\"summary_large_image\" \/>\n<meta name=\"twitter:label1\" content=\"Gesch\u00e4tzte Lesezeit\" \/>\n\t<meta name=\"twitter:data1\" content=\"5\u00a0Minuten\" \/>\n<script type=\"application\/ld+json\" class=\"yoast-schema-graph\">{\"@context\":\"https:\/\/schema.org\",\"@graph\":[{\"@type\":\"WebPage\",\"@id\":\"https:\/\/alpen-studio.com\/de\/ueber-das-alpen-studio\/\",\"url\":\"https:\/\/alpen-studio.com\/de\/ueber-das-alpen-studio\/\",\"name\":\"\u00dcber das Alpen Studio | Wof\u00fcr wir stehen\",\"isPartOf\":{\"@id\":\"https:\/\/alpen-studio.com\/de\/#website\"},\"primaryImageOfPage\":{\"@id\":\"https:\/\/alpen-studio.com\/de\/ueber-das-alpen-studio\/#primaryimage\"},\"image\":{\"@id\":\"https:\/\/alpen-studio.com\/de\/ueber-das-alpen-studio\/#primaryimage\"},\"thumbnailUrl\":\"https:\/\/alpen-studio.com\/wp-content\/uploads\/2025\/01\/IMG_3770-scaled-e1745239952553.jpeg\",\"datePublished\":\"2025-04-28T19:05:54+00:00\",\"dateModified\":\"2025-07-05T09:16:41+00:00\",\"description\":\"\u00dcber das Alpen Studio : Wer sind wir? Das Alpen Studio bietet komfortable Ferienwohnungen im Herzen der Region Wilder Kaiser.\",\"breadcrumb\":{\"@id\":\"https:\/\/alpen-studio.com\/de\/ueber-das-alpen-studio\/#breadcrumb\"},\"inLanguage\":\"de\",\"potentialAction\":[{\"@type\":\"ReadAction\",\"target\":[\"https:\/\/alpen-studio.com\/de\/ueber-das-alpen-studio\/\"]}]},{\"@type\":\"ImageObject\",\"inLanguage\":\"de\",\"@id\":\"https:\/\/alpen-studio.com\/de\/ueber-das-alpen-studio\/#primaryimage\",\"url\":\"https:\/\/alpen-studio.com\/wp-content\/uploads\/2025\/01\/IMG_3770-scaled-e1745239952553.jpeg\",\"contentUrl\":\"https:\/\/alpen-studio.com\/wp-content\/uploads\/2025\/01\/IMG_3770-scaled-e1745239952553.jpeg\",\"width\":2560,\"height\":1920},{\"@type\":\"BreadcrumbList\",\"@id\":\"https:\/\/alpen-studio.com\/de\/ueber-das-alpen-studio\/#breadcrumb\",\"itemListElement\":[{\"@type\":\"ListItem\",\"position\":1,\"name\":\"Home\",\"item\":\"https:\/\/alpen-studio.com\/de\/eine-ferienwohnung-in-ellmau-mieten\/\"},{\"@type\":\"ListItem\",\"position\":2,\"name\":\"\u00dcber uns\"}]},{\"@type\":\"WebSite\",\"@id\":\"https:\/\/alpen-studio.com\/de\/#website\",\"url\":\"https:\/\/alpen-studio.com\/de\/\",\"name\":\"Alpen Studio\",\"description\":\"\",\"publisher\":{\"@id\":\"https:\/\/alpen-studio.com\/de\/#organization\"},\"potentialAction\":[{\"@type\":\"SearchAction\",\"target\":{\"@type\":\"EntryPoint\",\"urlTemplate\":\"https:\/\/alpen-studio.com\/de\/?s={search_term_string}\"},\"query-input\":{\"@type\":\"PropertyValueSpecification\",\"valueRequired\":true,\"valueName\":\"search_term_string\"}}],\"inLanguage\":\"de\"},{\"@type\":\"Organization\",\"@id\":\"https:\/\/alpen-studio.com\/de\/#organization\",\"name\":\"Alpen Studio Ellmau\",\"url\":\"https:\/\/alpen-studio.com\/de\/\",\"logo\":{\"@type\":\"ImageObject\",\"inLanguage\":\"de\",\"@id\":\"https:\/\/alpen-studio.com\/de\/#\/schema\/logo\/image\/\",\"url\":\"https:\/\/alpen-studio.com\/wp-content\/uploads\/2024\/09\/LOGO-GRAY.svg\",\"contentUrl\":\"https:\/\/alpen-studio.com\/wp-content\/uploads\/2024\/09\/LOGO-GRAY.svg\",\"width\":508,\"height\":508,\"caption\":\"Alpen Studio Ellmau\"},\"image\":{\"@id\":\"https:\/\/alpen-studio.com\/de\/#\/schema\/logo\/image\/\"}}]}<\/script>\n<!-- \/ Yoast SEO plugin. -->","yoast_head_json":{"title":"\u00dcber das Alpen Studio | Wof\u00fcr wir stehen","description":"\u00dcber das Alpen Studio : Wer sind wir? Das Alpen Studio bietet komfortable Ferienwohnungen im Herzen der Region Wilder Kaiser.","robots":{"index":"index","follow":"follow","max-snippet":"max-snippet:-1","max-image-preview":"max-image-preview:large","max-video-preview":"max-video-preview:-1"},"canonical":"https:\/\/alpen-studio.com\/de\/ueber-das-alpen-studio\/","og_locale":"de_DE","og_type":"article","og_title":"\u00dcber das Alpen Studio | Wof\u00fcr wir stehen","og_description":"\u00dcber das Alpen Studio : Wer sind wir? Das Alpen Studio bietet komfortable Ferienwohnungen im Herzen der Region Wilder Kaiser.","og_url":"https:\/\/alpen-studio.com\/de\/ueber-das-alpen-studio\/","og_site_name":"Alpen studio","article_modified_time":"2025-07-05T09:16:41+00:00","og_image":[{"width":2560,"height":1920,"url":"https:\/\/alpen-studio.com\/wp-content\/uploads\/2025\/01\/IMG_3770-scaled-e1745239952553.jpeg","type":"image\/jpeg"}],"twitter_card":"summary_large_image","twitter_misc":{"Gesch\u00e4tzte Lesezeit":"5\u00a0Minuten"},"schema":{"@context":"https:\/\/schema.org","@graph":[{"@type":"WebPage","@id":"https:\/\/alpen-studio.com\/de\/ueber-das-alpen-studio\/","url":"https:\/\/alpen-studio.com\/de\/ueber-das-alpen-studio\/","name":"\u00dcber das Alpen Studio | Wof\u00fcr wir stehen","isPartOf":{"@id":"https:\/\/alpen-studio.com\/de\/#website"},"primaryImageOfPage":{"@id":"https:\/\/alpen-studio.com\/de\/ueber-das-alpen-studio\/#primaryimage"},"image":{"@id":"https:\/\/alpen-studio.com\/de\/ueber-das-alpen-studio\/#primaryimage"},"thumbnailUrl":"https:\/\/alpen-studio.com\/wp-content\/uploads\/2025\/01\/IMG_3770-scaled-e1745239952553.jpeg","datePublished":"2025-04-28T19:05:54+00:00","dateModified":"2025-07-05T09:16:41+00:00","description":"\u00dcber das Alpen Studio : Wer sind wir? Das Alpen Studio bietet komfortable Ferienwohnungen im Herzen der Region Wilder Kaiser.","breadcrumb":{"@id":"https:\/\/alpen-studio.com\/de\/ueber-das-alpen-studio\/#breadcrumb"},"inLanguage":"de","potentialAction":[{"@type":"ReadAction","target":["https:\/\/alpen-studio.com\/de\/ueber-das-alpen-studio\/"]}]},{"@type":"ImageObject","inLanguage":"de","@id":"https:\/\/alpen-studio.com\/de\/ueber-das-alpen-studio\/#primaryimage","url":"https:\/\/alpen-studio.com\/wp-content\/uploads\/2025\/01\/IMG_3770-scaled-e1745239952553.jpeg","contentUrl":"https:\/\/alpen-studio.com\/wp-content\/uploads\/2025\/01\/IMG_3770-scaled-e1745239952553.jpeg","width":2560,"height":1920},{"@type":"BreadcrumbList","@id":"https:\/\/alpen-studio.com\/de\/ueber-das-alpen-studio\/#breadcrumb","itemListElement":[{"@type":"ListItem","position":1,"name":"Home","item":"https:\/\/alpen-studio.com\/de\/eine-ferienwohnung-in-ellmau-mieten\/"},{"@type":"ListItem","position":2,"name":"\u00dcber uns"}]},{"@type":"WebSite","@id":"https:\/\/alpen-studio.com\/de\/#website","url":"https:\/\/alpen-studio.com\/de\/","name":"Alpen Studio","description":"","publisher":{"@id":"https:\/\/alpen-studio.com\/de\/#organization"},"potentialAction":[{"@type":"SearchAction","target":{"@type":"EntryPoint","urlTemplate":"https:\/\/alpen-studio.com\/de\/?s={search_term_string}"},"query-input":{"@type":"PropertyValueSpecification","valueRequired":true,"valueName":"search_term_string"}}],"inLanguage":"de"},{"@type":"Organization","@id":"https:\/\/alpen-studio.com\/de\/#organization","name":"Alpen Studio Ellmau","url":"https:\/\/alpen-studio.com\/de\/","logo":{"@type":"ImageObject","inLanguage":"de","@id":"https:\/\/alpen-studio.com\/de\/#\/schema\/logo\/image\/","url":"https:\/\/alpen-studio.com\/wp-content\/uploads\/2024\/09\/LOGO-GRAY.svg","contentUrl":"https:\/\/alpen-studio.com\/wp-content\/uploads\/2024\/09\/LOGO-GRAY.svg","width":508,"height":508,"caption":"Alpen Studio Ellmau"},"image":{"@id":"https:\/\/alpen-studio.com\/de\/#\/schema\/logo\/image\/"}}]}},"_links":{"self":[{"href":"https:\/\/alpen-studio.com\/de\/wp-json\/wp\/v2\/pages\/2113","targetHints":{"allow":["GET"]}}],"collection":[{"href":"https:\/\/alpen-studio.com\/de\/wp-json\/wp\/v2\/pages"}],"about":[{"href":"https:\/\/alpen-studio.com\/de\/wp-json\/wp\/v2\/types\/page"}],"author":[{"embeddable":true,"href":"https:\/\/alpen-studio.com\/de\/wp-json\/wp\/v2\/users\/2"}],"replies":[{"embeddable":true,"href":"https:\/\/alpen-studio.com\/de\/wp-json\/wp\/v2\/comments?post=2113"}],"version-history":[{"count":10,"href":"https:\/\/alpen-studio.com\/de\/wp-json\/wp\/v2\/pages\/2113\/revisions"}],"predecessor-version":[{"id":2698,"href":"https:\/\/alpen-studio.com\/de\/wp-json\/wp\/v2\/pages\/2113\/revisions\/2698"}],"wp:featuredmedia":[{"embeddable":true,"href":"https:\/\/alpen-studio.com\/de\/wp-json\/wp\/v2\/media\/508"}],"wp:attachment":[{"href":"https:\/\/alpen-studio.com\/de\/wp-json\/wp\/v2\/media?parent=2113"}],"curies":[{"name":"wp","href":"https:\/\/api.w.org\/{rel}","templated":true}]}}