{"id":846,"date":"2025-02-02T12:15:51","date_gmt":"2025-02-02T12:15:51","guid":{"rendered":"https:\/\/alpen-studio.com\/?post_type=mphb_room_type&#038;p=846"},"modified":"2026-01-21T15:25:43","modified_gmt":"2026-01-21T15:25:43","slug":"ferienwohnung-zentraler-lage-in-ellmau","status":"publish","type":"mphb_room_type","link":"https:\/\/alpen-studio.com\/de\/accommodation\/ferienwohnung-zentraler-lage-in-ellmau\/","title":{"rendered":"Alpen Studio III"},"content":{"rendered":"<h3><strong>Sie sind auf der Suche nach einer Wohnung in Ellmau zur Miete?<\/strong><\/h3>\n<p>Ferienwohnung zentraler Lage in Ellmau. Entdecken Sie das Alpen Studio III, eine moderne Ferienwohnung im Zentrum des Dorfes, inmitten der Tiroler Alpen. Diese Wohnung ist ideal f\u00fcr <a href=\"https:\/\/www.wilderkaiser.info\/de\/aktivitaeten\/aktivitaeten-am-wilden-kaiser.html\" target=\"_blank\" rel=\"noopener\">Wintersportler<\/a> und Wanderer gleicherma\u00dfen. Der Skibus h\u00e4lt buchst\u00e4blich vor der T\u00fcr, so dass Sie schnell die Berge erkunden k\u00f6nnen. Au\u00dferdem k\u00f6nnen Sie mit den Skiern fast bis zur Wohnung zur\u00fcckfahren! Damit ist das Alpen Studio III die perfekte Wahl f\u00fcr einen ganzj\u00e4hrigen Urlaub in Ellmau.<\/p>\n<h3><strong>Gut ausgestattete K\u00fcche f\u00fcr kulinarische Momente<\/strong><\/h3>\n<p>Das Alpen Studio III verf\u00fcgt \u00fcber eine K\u00fcche, die mit allen modernen Annehmlichkeiten ausgestattet ist. Sie ist der perfekte Ort f\u00fcr Kochbegeisterte. Egal, ob Sie eine schnelle Mahlzeit oder ein reichhaltiges Abendessen zubereiten m\u00f6chten, alles ist in Reichweite. Sie verf\u00fcgen \u00fcber ein Induktionskochfeld, einen Kombibackofen und einen Geschirrsp\u00fcler. W\u00e4hrend Sie kochen, blicken Sie auf die majest\u00e4tischen Berge, was jede Mahlzeit zu etwas Besonderem macht. Die K\u00fcche bietet nicht nur den Platz zum Kochen, sondern auch die Freiheit, Ihren Urlaub nach Ihren W\u00fcnschen zu gestalten. Die Annehmlichkeiten des Hauses erm\u00f6glichen es Ihnen, gem\u00fctliche Abende im Haus zu verbringen.<\/p>\n<h3>Badezimmer mit ger\u00e4umiger Dusche f\u00fcr ultimative Entspannung<\/h3>\n<p>Nach einem aktiven Tag in den Bergen k\u00f6nnen Sie sich in der ger\u00e4umigen Dusche entspannen. Die moderne Dusche bietet alles, was Sie brauchen, um Ihre Muskeln zu erfrischen und zu entspannen. Ob Sie nun von der Piste kommen oder eine Wanderung gemacht haben, Sie werden sich sofort erfrischt f\u00fchlen. Es gibt auch eine Waschmaschine\/Trockner-Kombination, ideal zum Waschen und Trocknen Ihrer Kleidung nach einem Tag im Freien. So k\u00f6nnen Sie am n\u00e4chsten Tag voller Energie zur\u00fcck in die Berge gehen.<\/p>\n<h3>Zwei Schlafzimmer f\u00fcr einen erholsamen Schlaf<\/h3>\n<p>Die Schlafzimmer des Alpen Studio III bieten eine gem\u00fctliche und ruhige Atmosph\u00e4re, die ideal zum Ausruhen ist. Mit Betten, die sorgf\u00e4ltig f\u00fcr optimalen Komfort ausgew\u00e4hlt wurden, wachen Sie jeden Morgen erfrischt und gest\u00e4rkt auf. Eine gem\u00fctliche Einrichtung sorgt f\u00fcr eine warme und einladende Atmosph\u00e4re. Nach einem Tag in den Bergen erwartet Sie hier der perfekte Ort f\u00fcr einen erholsamen Schlaf, damit Sie gest\u00e4rkt in Ihr n\u00e4chstes Abenteuer starten k\u00f6nnen.<\/p>\n<h3>Wohnzimmer mit \u00f6sterreichischer Sitzecke und Blick auf die Berge<\/h3>\n<p>Nehmen Sie Platz in der gem\u00fctlichen \u00f6sterreichischen Sitzecke, wo Sie gute Gespr\u00e4che f\u00fchren, Spiele spielen oder in Ruhe \u00fcber einen aktiven Tag nachdenken k\u00f6nnen. Genie\u00dfen Sie einen Film oder eine Serie auf dem Smart-TV oder lesen Sie ein Buch mit Blick auf die atemberaubende Bergwelt. Die vielen Fenster bieten einen Panoramablick auf den Hausberg und den Hartkaiser, sodass Sie die Natur auch von innen genie\u00dfen k\u00f6nnen.<\/p>\n<h3>S\u00fcdbalkon f\u00fcr sonnige Aussichten<\/h3>\n<p>Der Balkon ist nach S\u00fcden ausgerichtet, so dass Sie jeden Tag eine sch\u00f6ne Aussicht genie\u00dfen k\u00f6nnen. Sie k\u00f6nnen dort mit einer Tasse Kaffee oder Tee in der Sonne sitzen. Das Bergpanorama ist atemberaubend und bietet Ruhe. In den Sommermonaten ist der Balkon der perfekte Ort f\u00fcr ein Essen im Freien. Genie\u00dfen Sie die frische Bergluft am Esstisch. Erleben Sie die Ruhe und Sch\u00f6nheit der Natur um Sie herum.<\/p>\n<h3>Perfekt f\u00fcr Sommer- und Winterurlaub<\/h3>\n<p>Ob Sie im Winter Ski fahren oder im Sommer wandern m\u00f6chten, das Alpen Studio III ist das ganze Jahr \u00fcber die ideale Wahl. Im Winter k\u00f6nnen Sie die 288 Pistenkilometer genie\u00dfen, w\u00e4hrend der Sommer ideal zum Wandern und Radfahren in der umliegenden Bergwelt ist. In der Region Wilder Kaiser gibt es mehrere Badeseen, die zu einem erfrischenden Bad im Urlaub einladen. Damit ist das Alpen Studio III der ideale Ausgangspunkt f\u00fcr den <a href=\"https:\/\/www.skiwelt.at\/de\/erlebnisse-am-berg.html\" target=\"_blank\" rel=\"noopener\">Winter<\/a>&#8211; und <a href=\"https:\/\/www.wilderkaiser.info\/de\/aktivitaeten\/aktivitaeten-am-wilden-kaiser.html\" target=\"_blank\" rel=\"noopener\">Sommerurlaub<\/a>. Lassen Sie sich auch von der Farbenpracht des <a href=\"https:\/\/alpen-studio.com\/de\/herbstferien-in-der-wilder-kaiser-region\/\">Herbstes<\/a> \u00fcberraschen, der die Berge rund um Ellmau in eine malerische Landschaft aus Gold, Orange und Rot verwandelt.<\/p>\n<h3>Ferienwohnung zentraler Lage in Ellmau<\/h3>\n<p>Lassen Sie sich vom Alpen Studio III \u00fcberraschen, das im Zentrum von Ellmau liegt. Diese Mietwohnung in Ellmau bietet eine zentrale Lage, einen herrlichen Bergblick und alle Annehmlichkeiten f\u00fcr einen Top-Urlaub in den Alpen. Ob Sie nun zum Wintersport kommen oder einfach nur zum Entspannen, diese Wohnung ist die ideale Wahl f\u00fcr Ihren Urlaub in Ellmau! Unter Zug\u00e4nglichkeit finden Sie weitere Informationen \u00fcber die besten Reisem\u00f6glichkeiten nach Ellmau, einschlie\u00dflich nachhaltiger Optionen!<\/p>\n","protected":false},"excerpt":{"rendered":"<p>Entdecken Sie diese moderne Wohnung im Herzen von Ellmau, ideal f\u00fcr Familien, die Komfort und eine gute Lage suchen. Die Wohnung im dritten Stock bietet Platz f\u00fcr bis zu vier Personen, perfekt f\u00fcr einen Familienurlaub. Dank der guten Lage h\u00e4lt der Skibus direkt vor der T\u00fcr und erm\u00f6glicht Ihnen einen schnellen Zugang zu den Skipisten. Erleben Sie die Annehmlichkeiten eines unvergesslichen Aufenthalts in Ellmau!<\/p>\n","protected":false},"featured_media":275,"menu_order":0,"comment_status":"open","ping_status":"closed","template":"1135","mphb_room_type_category":[],"mphb_room_type_tag":[],"mphb_room_type_facility":[],"class_list":["post-846","mphb_room_type","type-mphb_room_type","status-publish","has-post-thumbnail","hentry","mphb-room-type-adults-2","mphb-room-type-children-2","has-taxes-and-fees"],"acf":[],"yoast_head":"<!-- This site is optimized with the Yoast SEO plugin v27.1.1 - https:\/\/yoast.com\/product\/yoast-seo-wordpress\/ -->\n<title>Ferienwohnung zentraler Lage in Ellmau mieten | Alpen Studio III<\/title>\n<meta name=\"description\" content=\"Ferienwohnung zentraler Lage in Ellmau. Alpen Studio Ellmau III verf\u00fcgt \u00fcber zwei Schlafzimmer und einen herrlichen Bergblick.\" \/>\n<meta name=\"robots\" content=\"index, follow, max-snippet:-1, max-image-preview:large, max-video-preview:-1\" \/>\n<link rel=\"canonical\" href=\"https:\/\/alpen-studio.com\/de\/accommodation\/ferienwohnung-zentraler-lage-in-ellmau\/\" \/>\n<meta property=\"og:locale\" content=\"de_DE\" \/>\n<meta property=\"og:type\" content=\"article\" \/>\n<meta property=\"og:title\" content=\"Ferienwohnung zentraler Lage in Ellmau mieten | Alpen Studio III\" \/>\n<meta property=\"og:description\" content=\"Ferienwohnung zentraler Lage in Ellmau. Alpen Studio Ellmau III verf\u00fcgt \u00fcber zwei Schlafzimmer und einen herrlichen Bergblick.\" \/>\n<meta property=\"og:url\" content=\"https:\/\/alpen-studio.com\/de\/accommodation\/ferienwohnung-zentraler-lage-in-ellmau\/\" \/>\n<meta property=\"og:site_name\" content=\"Alpen studio\" \/>\n<meta property=\"article:modified_time\" content=\"2026-01-21T15:25:43+00:00\" \/>\n<meta property=\"og:image\" content=\"https:\/\/alpen-studio.com\/wp-content\/uploads\/2025\/01\/Living-2.jpg\" \/>\n\t<meta property=\"og:image:width\" content=\"1600\" \/>\n\t<meta property=\"og:image:height\" content=\"1200\" \/>\n\t<meta property=\"og:image:type\" content=\"image\/jpeg\" \/>\n<meta name=\"twitter:card\" content=\"summary_large_image\" \/>\n<meta name=\"twitter:label1\" content=\"Gesch\u00e4tzte Lesezeit\" \/>\n\t<meta name=\"twitter:data1\" content=\"4\u00a0Minuten\" \/>\n<script type=\"application\/ld+json\" class=\"yoast-schema-graph\">{\"@context\":\"https:\/\/schema.org\",\"@graph\":[{\"@type\":\"WebPage\",\"@id\":\"https:\/\/alpen-studio.com\/de\/accommodation\/ferienwohnung-zentraler-lage-in-ellmau\/\",\"url\":\"https:\/\/alpen-studio.com\/de\/accommodation\/ferienwohnung-zentraler-lage-in-ellmau\/\",\"name\":\"Ferienwohnung zentraler Lage in Ellmau mieten | Alpen Studio III\",\"isPartOf\":{\"@id\":\"https:\/\/alpen-studio.com\/de\/#website\"},\"primaryImageOfPage\":{\"@id\":\"https:\/\/alpen-studio.com\/de\/accommodation\/ferienwohnung-zentraler-lage-in-ellmau\/#primaryimage\"},\"image\":{\"@id\":\"https:\/\/alpen-studio.com\/de\/accommodation\/ferienwohnung-zentraler-lage-in-ellmau\/#primaryimage\"},\"thumbnailUrl\":\"https:\/\/alpen-studio.com\/wp-content\/uploads\/2025\/01\/Living-2.jpg\",\"datePublished\":\"2025-02-02T12:15:51+00:00\",\"dateModified\":\"2026-01-21T15:25:43+00:00\",\"description\":\"Ferienwohnung zentraler Lage in Ellmau. Alpen Studio Ellmau III verf\u00fcgt \u00fcber zwei Schlafzimmer und einen herrlichen Bergblick.\",\"breadcrumb\":{\"@id\":\"https:\/\/alpen-studio.com\/de\/accommodation\/ferienwohnung-zentraler-lage-in-ellmau\/#breadcrumb\"},\"inLanguage\":\"de\",\"potentialAction\":[{\"@type\":\"ReadAction\",\"target\":[\"https:\/\/alpen-studio.com\/de\/accommodation\/ferienwohnung-zentraler-lage-in-ellmau\/\"]}]},{\"@type\":\"ImageObject\",\"inLanguage\":\"de\",\"@id\":\"https:\/\/alpen-studio.com\/de\/accommodation\/ferienwohnung-zentraler-lage-in-ellmau\/#primaryimage\",\"url\":\"https:\/\/alpen-studio.com\/wp-content\/uploads\/2025\/01\/Living-2.jpg\",\"contentUrl\":\"https:\/\/alpen-studio.com\/wp-content\/uploads\/2025\/01\/Living-2.jpg\",\"width\":1600,\"height\":1200},{\"@type\":\"BreadcrumbList\",\"@id\":\"https:\/\/alpen-studio.com\/de\/accommodation\/ferienwohnung-zentraler-lage-in-ellmau\/#breadcrumb\",\"itemListElement\":[{\"@type\":\"ListItem\",\"position\":1,\"name\":\"Home\",\"item\":\"https:\/\/alpen-studio.com\/de\/eine-ferienwohnung-in-ellmau-mieten\/\"},{\"@type\":\"ListItem\",\"position\":2,\"name\":\"Unterkunftsarten\",\"item\":\"https:\/\/alpen-studio.com\/de\/accommodation\/\"},{\"@type\":\"ListItem\",\"position\":3,\"name\":\"Alpen Studio III\"}]},{\"@type\":\"WebSite\",\"@id\":\"https:\/\/alpen-studio.com\/de\/#website\",\"url\":\"https:\/\/alpen-studio.com\/de\/\",\"name\":\"Alpen Studio\",\"description\":\"\",\"publisher\":{\"@id\":\"https:\/\/alpen-studio.com\/de\/#organization\"},\"potentialAction\":[{\"@type\":\"SearchAction\",\"target\":{\"@type\":\"EntryPoint\",\"urlTemplate\":\"https:\/\/alpen-studio.com\/de\/?s={search_term_string}\"},\"query-input\":{\"@type\":\"PropertyValueSpecification\",\"valueRequired\":true,\"valueName\":\"search_term_string\"}}],\"inLanguage\":\"de\"},{\"@type\":\"Organization\",\"@id\":\"https:\/\/alpen-studio.com\/de\/#organization\",\"name\":\"Alpen Studio Ellmau\",\"url\":\"https:\/\/alpen-studio.com\/de\/\",\"logo\":{\"@type\":\"ImageObject\",\"inLanguage\":\"de\",\"@id\":\"https:\/\/alpen-studio.com\/de\/#\/schema\/logo\/image\/\",\"url\":\"https:\/\/alpen-studio.com\/wp-content\/uploads\/2024\/09\/LOGO-GRAY.svg\",\"contentUrl\":\"https:\/\/alpen-studio.com\/wp-content\/uploads\/2024\/09\/LOGO-GRAY.svg\",\"width\":508,\"height\":508,\"caption\":\"Alpen Studio Ellmau\"},\"image\":{\"@id\":\"https:\/\/alpen-studio.com\/de\/#\/schema\/logo\/image\/\"}}]}<\/script>\n<!-- \/ Yoast SEO plugin. -->","yoast_head_json":{"title":"Ferienwohnung zentraler Lage in Ellmau mieten | Alpen Studio III","description":"Ferienwohnung zentraler Lage in Ellmau. Alpen Studio Ellmau III verf\u00fcgt \u00fcber zwei Schlafzimmer und einen herrlichen Bergblick.","robots":{"index":"index","follow":"follow","max-snippet":"max-snippet:-1","max-image-preview":"max-image-preview:large","max-video-preview":"max-video-preview:-1"},"canonical":"https:\/\/alpen-studio.com\/de\/accommodation\/ferienwohnung-zentraler-lage-in-ellmau\/","og_locale":"de_DE","og_type":"article","og_title":"Ferienwohnung zentraler Lage in Ellmau mieten | Alpen Studio III","og_description":"Ferienwohnung zentraler Lage in Ellmau. Alpen Studio Ellmau III verf\u00fcgt \u00fcber zwei Schlafzimmer und einen herrlichen Bergblick.","og_url":"https:\/\/alpen-studio.com\/de\/accommodation\/ferienwohnung-zentraler-lage-in-ellmau\/","og_site_name":"Alpen studio","article_modified_time":"2026-01-21T15:25:43+00:00","og_image":[{"width":1600,"height":1200,"url":"https:\/\/alpen-studio.com\/wp-content\/uploads\/2025\/01\/Living-2.jpg","type":"image\/jpeg"}],"twitter_card":"summary_large_image","twitter_misc":{"Gesch\u00e4tzte Lesezeit":"4\u00a0Minuten"},"schema":{"@context":"https:\/\/schema.org","@graph":[{"@type":"WebPage","@id":"https:\/\/alpen-studio.com\/de\/accommodation\/ferienwohnung-zentraler-lage-in-ellmau\/","url":"https:\/\/alpen-studio.com\/de\/accommodation\/ferienwohnung-zentraler-lage-in-ellmau\/","name":"Ferienwohnung zentraler Lage in Ellmau mieten | Alpen Studio III","isPartOf":{"@id":"https:\/\/alpen-studio.com\/de\/#website"},"primaryImageOfPage":{"@id":"https:\/\/alpen-studio.com\/de\/accommodation\/ferienwohnung-zentraler-lage-in-ellmau\/#primaryimage"},"image":{"@id":"https:\/\/alpen-studio.com\/de\/accommodation\/ferienwohnung-zentraler-lage-in-ellmau\/#primaryimage"},"thumbnailUrl":"https:\/\/alpen-studio.com\/wp-content\/uploads\/2025\/01\/Living-2.jpg","datePublished":"2025-02-02T12:15:51+00:00","dateModified":"2026-01-21T15:25:43+00:00","description":"Ferienwohnung zentraler Lage in Ellmau. Alpen Studio Ellmau III verf\u00fcgt \u00fcber zwei Schlafzimmer und einen herrlichen Bergblick.","breadcrumb":{"@id":"https:\/\/alpen-studio.com\/de\/accommodation\/ferienwohnung-zentraler-lage-in-ellmau\/#breadcrumb"},"inLanguage":"de","potentialAction":[{"@type":"ReadAction","target":["https:\/\/alpen-studio.com\/de\/accommodation\/ferienwohnung-zentraler-lage-in-ellmau\/"]}]},{"@type":"ImageObject","inLanguage":"de","@id":"https:\/\/alpen-studio.com\/de\/accommodation\/ferienwohnung-zentraler-lage-in-ellmau\/#primaryimage","url":"https:\/\/alpen-studio.com\/wp-content\/uploads\/2025\/01\/Living-2.jpg","contentUrl":"https:\/\/alpen-studio.com\/wp-content\/uploads\/2025\/01\/Living-2.jpg","width":1600,"height":1200},{"@type":"BreadcrumbList","@id":"https:\/\/alpen-studio.com\/de\/accommodation\/ferienwohnung-zentraler-lage-in-ellmau\/#breadcrumb","itemListElement":[{"@type":"ListItem","position":1,"name":"Home","item":"https:\/\/alpen-studio.com\/de\/eine-ferienwohnung-in-ellmau-mieten\/"},{"@type":"ListItem","position":2,"name":"Unterkunftsarten","item":"https:\/\/alpen-studio.com\/de\/accommodation\/"},{"@type":"ListItem","position":3,"name":"Alpen Studio III"}]},{"@type":"WebSite","@id":"https:\/\/alpen-studio.com\/de\/#website","url":"https:\/\/alpen-studio.com\/de\/","name":"Alpen Studio","description":"","publisher":{"@id":"https:\/\/alpen-studio.com\/de\/#organization"},"potentialAction":[{"@type":"SearchAction","target":{"@type":"EntryPoint","urlTemplate":"https:\/\/alpen-studio.com\/de\/?s={search_term_string}"},"query-input":{"@type":"PropertyValueSpecification","valueRequired":true,"valueName":"search_term_string"}}],"inLanguage":"de"},{"@type":"Organization","@id":"https:\/\/alpen-studio.com\/de\/#organization","name":"Alpen Studio Ellmau","url":"https:\/\/alpen-studio.com\/de\/","logo":{"@type":"ImageObject","inLanguage":"de","@id":"https:\/\/alpen-studio.com\/de\/#\/schema\/logo\/image\/","url":"https:\/\/alpen-studio.com\/wp-content\/uploads\/2024\/09\/LOGO-GRAY.svg","contentUrl":"https:\/\/alpen-studio.com\/wp-content\/uploads\/2024\/09\/LOGO-GRAY.svg","width":508,"height":508,"caption":"Alpen Studio Ellmau"},"image":{"@id":"https:\/\/alpen-studio.com\/de\/#\/schema\/logo\/image\/"}}]}},"_links":{"self":[{"href":"https:\/\/alpen-studio.com\/de\/wp-json\/wp\/v2\/mphb_room_type\/846","targetHints":{"allow":["GET"]}}],"collection":[{"href":"https:\/\/alpen-studio.com\/de\/wp-json\/wp\/v2\/mphb_room_type"}],"about":[{"href":"https:\/\/alpen-studio.com\/de\/wp-json\/wp\/v2\/types\/mphb_room_type"}],"replies":[{"embeddable":true,"href":"https:\/\/alpen-studio.com\/de\/wp-json\/wp\/v2\/comments?post=846"}],"wp:featuredmedia":[{"embeddable":true,"href":"https:\/\/alpen-studio.com\/de\/wp-json\/wp\/v2\/media\/275"}],"wp:attachment":[{"href":"https:\/\/alpen-studio.com\/de\/wp-json\/wp\/v2\/media?parent=846"}],"wp:term":[{"taxonomy":"mphb_room_type_category","embeddable":true,"href":"https:\/\/alpen-studio.com\/de\/wp-json\/wp\/v2\/mphb_room_type_category?post=846"},{"taxonomy":"mphb_room_type_tag","embeddable":true,"href":"https:\/\/alpen-studio.com\/de\/wp-json\/wp\/v2\/mphb_room_type_tag?post=846"},{"taxonomy":"mphb_room_type_facility","embeddable":true,"href":"https:\/\/alpen-studio.com\/de\/wp-json\/wp\/v2\/mphb_room_type_facility?post=846"}],"curies":[{"name":"wp","href":"https:\/\/api.w.org\/{rel}","templated":true}]}}